{"id":6076,"date":"2024-11-21T16:26:01","date_gmt":"2024-11-21T15:26:01","guid":{"rendered":"https:\/\/www.bez.sk\/referencia\/transformator-na-stacji-benzynowej-omv\/"},"modified":"2025-11-03T16:36:34","modified_gmt":"2025-11-03T15:36:34","slug":"transformator-na-stacji-benzynowej-omv","status":"publish","type":"referencia","link":"https:\/\/www.bez.sk\/pl\/referencia\/transformator-na-stacji-benzynowej-omv\/","title":{"rendered":"Transformator na stacji benzynowej OMV (S\u0142owacja)"},"content":{"rendered":"<div id='av_section_1'  class='avia-section av-v48fz-a51a306c0813028af65f89941101d6af main_color avia-section-large avia-no-border-styling  avia-builder-el-0  el_before_av_section  avia-builder-el-first  subpage-banner avia-bg-style-scroll container_wrap sidebar_right'  ><div class='container av-section-cont-open' ><main  role=\"main\" itemprop=\"mainContentOfPage\"  class='template-page content  av-content-small alpha units'><div class='post-entry post-entry-type-page post-entry-6076'><div class='entry-content-wrapper clearfix'>\n<div  class='flex_column av-ozljj-45f41dbbe8a4b833b735890f4ce1ba2e av_one_full  avia-builder-el-1  avia-builder-el-no-sibling  first flex_column_div  '     ><style type=\"text\/css\" data-created_by=\"avia_inline_auto\" id=\"style-css-av-m3ogee99-be14178342e33765d3c5dd8a2e845516\">\n#top .av-special-heading.av-m3ogee99-be14178342e33765d3c5dd8a2e845516{\npadding-bottom:10px;\n}\nbody .av-special-heading.av-m3ogee99-be14178342e33765d3c5dd8a2e845516 .av-special-heading-tag .heading-char{\nfont-size:25px;\n}\n.av-special-heading.av-m3ogee99-be14178342e33765d3c5dd8a2e845516 .av-subheading{\nfont-size:15px;\n}\n<\/style>\n<div  class='av-special-heading av-m3ogee99-be14178342e33765d3c5dd8a2e845516 av-special-heading-h1 blockquote modern-quote  avia-builder-el-2  avia-builder-el-no-sibling '><h1 class='av-special-heading-tag '  itemprop=\"headline\"  >Transformator na stacji benzynowej OMV<\/h1><div class=\"special-heading-border\"><div class=\"special-heading-inner-border\"><\/div><\/div><\/div><\/div>\n\n<\/div><\/div><\/main><!-- close content main element --><\/div><\/div><div id='av_section_2'  class='avia-section av-mzzlz-f5b39d05eb1fc7e3156dfb3ed20ea54a main_color avia-section-default avia-no-border-styling  avia-builder-el-3  el_after_av_section  el_before_av_section  o-nas-prednaslov-section avia-bg-style-scroll container_wrap sidebar_right'  ><div class='container av-section-cont-open' ><div class='template-page content  av-content-small alpha units'><div class='post-entry post-entry-type-page post-entry-6076'><div class='entry-content-wrapper clearfix'>\n<div  class='flex_column av-f5d87-c7592defcab94ac01dd7d788f40deab2 av_one_full  avia-builder-el-4  avia-builder-el-no-sibling  initro-text-col first flex_column_div  '     ><section  class='av_textblock_section av-m3oget3j-997158877e89e9462259ab3a92504915 '   itemscope=\"itemscope\" itemtype=\"https:\/\/schema.org\/CreativeWork\" ><div class='avia_textblock'  itemprop=\"text\" ><div class=\"title-container\">\n<div class=\"line\"><\/div>\n<p class=\"title\" style=\"text-align: center;\">O projekcie<\/p>\n<div class=\"line\"><\/div>\n<\/div>\n<\/div><\/section><\/div>\n\n<\/div><\/div><\/div><!-- close content main div --><\/div><\/div><div id='av_section_3'  class='avia-section av-m3oglk02-1ae4a8d39c77b9f2beb34f969a2148e3 main_color avia-section-default avia-no-border-styling  avia-builder-el-6  el_after_av_section  avia-builder-el-last  projekt-mochovce-elektraren avia-bg-style-scroll container_wrap sidebar_right'  ><div class='container av-section-cont-open' ><div class='template-page content  av-content-small alpha units'><div class='post-entry post-entry-type-page post-entry-6076'><div class='entry-content-wrapper clearfix'>\n<div  class='flex_column av-qlskd-15174d9b292fa4fc143318e5e6637202 av_one_full  avia-builder-el-7  el_before_av_one_half  avia-builder-el-first  first flex_column_div  '     ><style type=\"text\/css\" data-created_by=\"avia_inline_auto\" id=\"style-css-av-m3ogi792-4018b733f92005dcd95991902c7b0e3e\">\n#top .av-special-heading.av-m3ogi792-4018b733f92005dcd95991902c7b0e3e{\npadding-bottom:10px;\n}\nbody .av-special-heading.av-m3ogi792-4018b733f92005dcd95991902c7b0e3e .av-special-heading-tag .heading-char{\nfont-size:25px;\n}\n.av-special-heading.av-m3ogi792-4018b733f92005dcd95991902c7b0e3e .av-subheading{\nfont-size:15px;\n}\n<\/style>\n<div  class='av-special-heading av-m3ogi792-4018b733f92005dcd95991902c7b0e3e av-special-heading-h2 blockquote modern-quote  avia-builder-el-8  avia-builder-el-no-sibling '><h2 class='av-special-heading-tag '  itemprop=\"headline\"  >Nasze transformatory wspieraj\u0105 elektromobilno\u015b\u0107 na S\u0142owacji<\/h2><div class=\"special-heading-border\"><div class=\"special-heading-inner-border\"><\/div><\/div><\/div><\/div><div class='flex_column_table av-m3ogksyy-e1fc51b43d250b6c1152d4a55d90e199 sc-av_one_half av-equal-height-column-flextable'>\n<style type=\"text\/css\" data-created_by=\"avia_inline_auto\" id=\"style-css-av-m3ogksyy-e1fc51b43d250b6c1152d4a55d90e199\">\n.flex_column.av-m3ogksyy-e1fc51b43d250b6c1152d4a55d90e199{\nwidth:48%;\nmargin-left:0;\n}\n#top .flex_column_table.av-equal-height-column-flextable.av-m3ogksyy-e1fc51b43d250b6c1152d4a55d90e199 .av-flex-placeholder{\nwidth:4%;\n}\n<\/style>\n<div  class='flex_column av-m3ogksyy-e1fc51b43d250b6c1152d4a55d90e199 av_one_half  avia-builder-el-9  el_after_av_one_full  el_before_av_one_half  first flex_column_table_cell av-equal-height-column av-align-middle  column-top-margin'     ><p><section  class='av_textblock_section av-m3ogjuxq-0d43bcd85eb4c7bdf820fcae19b8f1cd '   itemscope=\"itemscope\" itemtype=\"https:\/\/schema.org\/CreativeWork\" ><div class='avia_textblock'  itemprop=\"text\" ><p>We wrze\u015bniu 2023 r. na stacji benzynowej OMV na Trnavsk\u00e1 cesta zainstalowano<strong> nowy transformator firmy<span class=\"notranslate\"> BEZ TRANSFORM\u00c1TORY<\/span><\/strong> w celu wzmocnienia przepustowo\u015bci sieci elektrycznej i budowy ultraszybkich \u0142adowarek pod mark\u0105 eMotion.<\/p>\n<\/div><\/section><br \/>\n\n<style type=\"text\/css\" data-created_by=\"avia_inline_auto\" id=\"style-css-av-m3rh8m4i-7cb2af0257915838b502e09318bb73bd\">\n#top .hr.hr-invisible.av-m3rh8m4i-7cb2af0257915838b502e09318bb73bd{\nheight:20px;\n}\n<\/style>\n<div  class='hr av-m3rh8m4i-7cb2af0257915838b502e09318bb73bd hr-invisible  avia-builder-el-11  el_after_av_textblock  el_before_av_textblock '><span class='hr-inner '><span class=\"hr-inner-style\"><\/span><\/span><\/div><br \/>\n<section  class='av_textblock_section av-m3rgqsnk-0bc45f79279fe9a52fb75962a9cb884e '   itemscope=\"itemscope\" itemtype=\"https:\/\/schema.org\/CreativeWork\" ><div class='avia_textblock'  itemprop=\"text\" ><blockquote>\n<p>Zr\u00f3wnowa\u017cony rozw\u00f3j od dawna le\u017cy w centrum naszego zainteresowania i nieustannie d\u0105\u017cymy do wprowadzania innowacji w naszych produktach, aby odpowiada\u0107 na potrzeby rynku. Cieszymy si\u0119, \u017ce dzi\u0119ki naszym transformatorom przyczynimy si\u0119 r\u00f3wnie\u017c do rozwoju elektromobilno\u015bci na S\u0142owacji <\/p>\n<p>Dyrektor zak\u0142adu<span class=\"notranslate\"> BEZ TRANSFORMATORY<\/span> <\/p>\n<\/blockquote>\n<\/div><\/section><br \/>\n\n<style type=\"text\/css\" data-created_by=\"avia_inline_auto\" id=\"style-css-av-iw91x-24d4964ecbbcbbb89f998203b6abaa18\">\n#top .hr.hr-invisible.av-iw91x-24d4964ecbbcbbb89f998203b6abaa18{\nheight:20px;\n}\n<\/style>\n<div  class='hr av-iw91x-24d4964ecbbcbbb89f998203b6abaa18 hr-invisible  avia-builder-el-13  el_after_av_textblock  el_before_av_textblock '><span class='hr-inner '><span class=\"hr-inner-style\"><\/span><\/span><\/div><br \/>\n<section  class='av_textblock_section av-m3rgq1jz-a179cc87cd54e91b86c3a0a8669bde51 '   itemscope=\"itemscope\" itemtype=\"https:\/\/schema.org\/CreativeWork\" ><div class='avia_textblock'  itemprop=\"text\" ><p>W przypadku tej stacji paliw zastosowali\u015bmy <strong><sup>ecoFIT2<\/sup> i transformator olejowyTOHn 3710\/22<\/strong>, kt\u00f3ry spe\u0142ni\u0142 wymagania klienta pod wzgl\u0119dem parametr\u00f3w i wydajno\u015bci.<\/p>\n<p>Jesieni\u0105 OMV zaprezentowa\u0142o swoj\u0105 now\u0105 strategi\u0119 elektromobilno\u015bci dla Europy \u015arodkowej i Wschodniej.<\/p>\n<\/div><\/section><\/p><\/div><div class='av-flex-placeholder'><\/div>\n<style type=\"text\/css\" data-created_by=\"avia_inline_auto\" id=\"style-css-av-bseaf-c6a7096792c5ead452ea0941ef76ca7d\">\n.flex_column.av-bseaf-c6a7096792c5ead452ea0941ef76ca7d{\nwidth:48%;\nmargin-left:0;\n}\n#top .flex_column_table.av-equal-height-column-flextable.av-bseaf-c6a7096792c5ead452ea0941ef76ca7d .av-flex-placeholder{\nwidth:4%;\n}\n<\/style>\n<div  class='flex_column av-bseaf-c6a7096792c5ead452ea0941ef76ca7d av_one_half  avia-builder-el-15  el_after_av_one_half  el_before_av_one_full  flex_column_table_cell av-equal-height-column av-align-middle  column-top-margin'     ><style type=\"text\/css\" data-created_by=\"avia_inline_auto\" id=\"style-css-av-m3oghfm2-c454f816ef01aa6f5b5d5b83a9e82b27\">\n.avia-image-container.av-m3oghfm2-c454f816ef01aa6f5b5d5b83a9e82b27 img.avia_image{\nbox-shadow:none;\n}\n.avia-image-container.av-m3oghfm2-c454f816ef01aa6f5b5d5b83a9e82b27 .av-image-caption-overlay-center{\ncolor:#ffffff;\n}\n<\/style>\n<div  class='avia-image-container av-m3oghfm2-c454f816ef01aa6f5b5d5b83a9e82b27 av-styling- avia-align-center  avia-builder-el-16  avia-builder-el-no-sibling '   itemprop=\"image\" itemscope=\"itemscope\" itemtype=\"https:\/\/schema.org\/ImageObject\" ><div class=\"avia-image-container-inner\"><div class=\"avia-image-overlay-wrap\"><img decoding=\"async\" fetchpriority=\"high\" class='wp-image-6083 avia-img-lazy-loading-not-6083 avia_image ' src=\"https:\/\/www.bez.sk\/wp-content\/uploads\/2024\/11\/SCR-20241114-nqby.jpeg\" alt='' title='Screenshot'  height=\"1220\" width=\"1150\"  itemprop=\"thumbnailUrl\" srcset=\"https:\/\/www.bez.sk\/wp-content\/uploads\/2024\/11\/SCR-20241114-nqby.jpeg 1150w, https:\/\/www.bez.sk\/wp-content\/uploads\/2024\/11\/SCR-20241114-nqby-283x300.jpeg 283w, https:\/\/www.bez.sk\/wp-content\/uploads\/2024\/11\/SCR-20241114-nqby-971x1030.jpeg 971w, https:\/\/www.bez.sk\/wp-content\/uploads\/2024\/11\/SCR-20241114-nqby-768x815.jpeg 768w, https:\/\/www.bez.sk\/wp-content\/uploads\/2024\/11\/SCR-20241114-nqby-665x705.jpeg 665w\" sizes=\"(max-width: 1150px) 100vw, 1150px\" \/><\/div><\/div><\/div><\/div><\/div><!--close column table wrapper. Autoclose: 1 --><div  class='flex_column av-d963h-891318893611c76ac48d981f75911c90 av_one_full  avia-builder-el-17  el_after_av_one_half  el_before_av_one_full  first flex_column_div  column-top-margin'     ><section  class='av_textblock_section av-m3rgsivu-0d9d65d17b08bc5fd13ac493cbef477c '   itemscope=\"itemscope\" itemtype=\"https:\/\/schema.org\/CreativeWork\" ><div class='avia_textblock'  itemprop=\"text\" ><blockquote>\n<p>Naszym celem jest zbudowanie szerokiej sieci stacji \u0142adowania w ramach transformacji spo\u0142ecze\u0144stwa i rozwoju elektromobilno\u015bci. Koncentrujemy si\u0119 na szybkim i ultraszybkim \u0142adowaniu w ruchu. Zamierzamy oferowa\u0107 klientom zr\u00f3wnowa\u017cone rozwi\u0105zania w zakresie mobilno\u015bci  <\/p>\n<p><strong>Miriam Fellingerov\u00e1<\/strong><br \/>\nkierownik ds. sprzeda\u017cy detalicznej OMV S\u0142owacja<\/p>\n<\/blockquote>\n<\/div><\/section><\/div><div  class='flex_column av-9wiqd-424a078d8091db03068169374fa0845e av_one_full  avia-builder-el-19  el_after_av_one_full  avia-builder-el-last  first flex_column_div  column-top-margin'     ><section  class='av_textblock_section av-m3rgoma2-25b1c50fd30fedf7693fbf667cdd14c4 '   itemscope=\"itemscope\" itemtype=\"https:\/\/schema.org\/CreativeWork\" ><div class='avia_textblock'  itemprop=\"text\" ><p>Na S\u0142owacji do 2025 r. powinno zosta\u0107 dodanych 60 ultraszybkich \u0142adowarek. W ci\u0105gu kilku tygodni kolejne transformatory aTUOHn zostan\u0105 dostarczone na wybrane stacje benzynowe OMV.<\/p>\n<\/div><\/section><\/div><\/div><\/div><\/div><!-- close content main div --><\/div><\/div><div id='after_section_3'  class='main_color av_default_container_wrap container_wrap sidebar_right'  ><div class='container av-section-cont-open' ><div class='template-page content  av-content-small alpha units'><div class='post-entry post-entry-type-page post-entry-6076'><div class='entry-content-wrapper clearfix'>\n","protected":false},"featured_media":6083,"template":"","kategoria-referencie":[73],"class_list":["post-6076","referencia","type-referencia","status-publish","has-post-thumbnail","hentry","kategoria-referencie-zasoby-odnawialne"],"yoast_head":"<!-- This site is optimized with the Yoast SEO plugin v24.1 - https:\/\/yoast.com\/wordpress\/plugins\/seo\/ -->\n<title>Transformator na stacji benzynowej OMV (S\u0142owacja) - BEZ Transform\u00e1tory<\/title>\n<meta name=\"robots\" content=\"index, follow, max-snippet:-1, max-image-preview:large, max-video-preview:-1\" \/>\n<link rel=\"canonical\" href=\"https:\/\/www.bez.sk\/pl\/referencia\/transformator-na-stacji-benzynowej-omv\/\" \/>\n<meta property=\"og:locale\" content=\"pl_PL\" \/>\n<meta property=\"og:type\" content=\"article\" \/>\n<meta property=\"og:title\" content=\"Transformator na stacji benzynowej OMV (S\u0142owacja) - BEZ Transform\u00e1tory\" \/>\n<meta property=\"og:url\" content=\"https:\/\/www.bez.sk\/pl\/referencia\/transformator-na-stacji-benzynowej-omv\/\" \/>\n<meta property=\"og:site_name\" content=\"BEZ Transform\u00e1tory\" \/>\n<meta property=\"article:modified_time\" content=\"2025-11-03T15:36:34+00:00\" \/>\n<meta property=\"og:image\" content=\"https:\/\/www.bez.sk\/wp-content\/uploads\/2024\/11\/SCR-20241114-nqby.jpeg\" \/>\n\t<meta property=\"og:image:width\" content=\"1150\" \/>\n\t<meta property=\"og:image:height\" content=\"1220\" \/>\n\t<meta property=\"og:image:type\" content=\"image\/jpeg\" \/>\n<meta name=\"twitter:card\" content=\"summary_large_image\" \/>\n<meta name=\"twitter:label1\" content=\"Szacowany czas czytania\" \/>\n\t<meta name=\"twitter:data1\" content=\"29 minut\" \/>\n<script type=\"application\/ld+json\" class=\"yoast-schema-graph\">{\"@context\":\"https:\/\/schema.org\",\"@graph\":[{\"@type\":\"WebPage\",\"@id\":\"https:\/\/www.bez.sk\/pl\/referencia\/transformator-na-stacji-benzynowej-omv\/\",\"url\":\"https:\/\/www.bez.sk\/pl\/referencia\/transformator-na-stacji-benzynowej-omv\/\",\"name\":\"Transformator na stacji benzynowej OMV (S\u0142owacja) - BEZ Transform\u00e1tory\",\"isPartOf\":{\"@id\":\"https:\/\/www.bez.sk\/pl\/#website\"},\"primaryImageOfPage\":{\"@id\":\"https:\/\/www.bez.sk\/pl\/referencia\/transformator-na-stacji-benzynowej-omv\/#primaryimage\"},\"image\":{\"@id\":\"https:\/\/www.bez.sk\/pl\/referencia\/transformator-na-stacji-benzynowej-omv\/#primaryimage\"},\"thumbnailUrl\":\"https:\/\/www.bez.sk\/wp-content\/uploads\/2024\/11\/SCR-20241114-nqby.jpeg\",\"datePublished\":\"2024-11-21T15:26:01+00:00\",\"dateModified\":\"2025-11-03T15:36:34+00:00\",\"breadcrumb\":{\"@id\":\"https:\/\/www.bez.sk\/pl\/referencia\/transformator-na-stacji-benzynowej-omv\/#breadcrumb\"},\"inLanguage\":\"pl-PL\",\"potentialAction\":[{\"@type\":\"ReadAction\",\"target\":[\"https:\/\/www.bez.sk\/pl\/referencia\/transformator-na-stacji-benzynowej-omv\/\"]}]},{\"@type\":\"ImageObject\",\"inLanguage\":\"pl-PL\",\"@id\":\"https:\/\/www.bez.sk\/pl\/referencia\/transformator-na-stacji-benzynowej-omv\/#primaryimage\",\"url\":\"https:\/\/www.bez.sk\/wp-content\/uploads\/2024\/11\/SCR-20241114-nqby.jpeg\",\"contentUrl\":\"https:\/\/www.bez.sk\/wp-content\/uploads\/2024\/11\/SCR-20241114-nqby.jpeg\",\"width\":1150,\"height\":1220,\"caption\":\"Screenshot\"},{\"@type\":\"BreadcrumbList\",\"@id\":\"https:\/\/www.bez.sk\/pl\/referencia\/transformator-na-stacji-benzynowej-omv\/#breadcrumb\",\"itemListElement\":[{\"@type\":\"ListItem\",\"position\":1,\"name\":\"Domovsk\u00e1 str\u00e1nka\",\"item\":\"https:\/\/www.bez.sk\/pl\/%d0%b3%d0%be%d0%bb%d0%be%d0%b2%d0%bd%d0%b0-%d1%81%d1%82%d0%be%d1%80%d1%96%d0%bd%d0%ba%d0%b0\/\"},{\"@type\":\"ListItem\",\"position\":2,\"name\":\"Transformator na stacji benzynowej OMV (S\u0142owacja)\"}]},{\"@type\":\"WebSite\",\"@id\":\"https:\/\/www.bez.sk\/pl\/#website\",\"url\":\"https:\/\/www.bez.sk\/pl\/\",\"name\":\"BEZ Transform\u00e1tory\",\"description\":\"\",\"potentialAction\":[{\"@type\":\"SearchAction\",\"target\":{\"@type\":\"EntryPoint\",\"urlTemplate\":\"https:\/\/www.bez.sk\/pl\/?s={search_term_string}\"},\"query-input\":{\"@type\":\"PropertyValueSpecification\",\"valueRequired\":true,\"valueName\":\"search_term_string\"}}],\"inLanguage\":\"pl-PL\"}]}<\/script>\n<!-- \/ Yoast SEO plugin. -->","yoast_head_json":{"title":"Transformator na stacji benzynowej OMV (S\u0142owacja) - BEZ Transform\u00e1tory","robots":{"index":"index","follow":"follow","max-snippet":"max-snippet:-1","max-image-preview":"max-image-preview:large","max-video-preview":"max-video-preview:-1"},"canonical":"https:\/\/www.bez.sk\/pl\/referencia\/transformator-na-stacji-benzynowej-omv\/","og_locale":"pl_PL","og_type":"article","og_title":"Transformator na stacji benzynowej OMV (S\u0142owacja) - BEZ Transform\u00e1tory","og_url":"https:\/\/www.bez.sk\/pl\/referencia\/transformator-na-stacji-benzynowej-omv\/","og_site_name":"BEZ Transform\u00e1tory","article_modified_time":"2025-11-03T15:36:34+00:00","og_image":[{"width":1150,"height":1220,"url":"https:\/\/www.bez.sk\/wp-content\/uploads\/2024\/11\/SCR-20241114-nqby.jpeg","type":"image\/jpeg"}],"twitter_card":"summary_large_image","twitter_misc":{"Szacowany czas czytania":"29 minut"},"schema":{"@context":"https:\/\/schema.org","@graph":[{"@type":"WebPage","@id":"https:\/\/www.bez.sk\/pl\/referencia\/transformator-na-stacji-benzynowej-omv\/","url":"https:\/\/www.bez.sk\/pl\/referencia\/transformator-na-stacji-benzynowej-omv\/","name":"Transformator na stacji benzynowej OMV (S\u0142owacja) - BEZ Transform\u00e1tory","isPartOf":{"@id":"https:\/\/www.bez.sk\/pl\/#website"},"primaryImageOfPage":{"@id":"https:\/\/www.bez.sk\/pl\/referencia\/transformator-na-stacji-benzynowej-omv\/#primaryimage"},"image":{"@id":"https:\/\/www.bez.sk\/pl\/referencia\/transformator-na-stacji-benzynowej-omv\/#primaryimage"},"thumbnailUrl":"https:\/\/www.bez.sk\/wp-content\/uploads\/2024\/11\/SCR-20241114-nqby.jpeg","datePublished":"2024-11-21T15:26:01+00:00","dateModified":"2025-11-03T15:36:34+00:00","breadcrumb":{"@id":"https:\/\/www.bez.sk\/pl\/referencia\/transformator-na-stacji-benzynowej-omv\/#breadcrumb"},"inLanguage":"pl-PL","potentialAction":[{"@type":"ReadAction","target":["https:\/\/www.bez.sk\/pl\/referencia\/transformator-na-stacji-benzynowej-omv\/"]}]},{"@type":"ImageObject","inLanguage":"pl-PL","@id":"https:\/\/www.bez.sk\/pl\/referencia\/transformator-na-stacji-benzynowej-omv\/#primaryimage","url":"https:\/\/www.bez.sk\/wp-content\/uploads\/2024\/11\/SCR-20241114-nqby.jpeg","contentUrl":"https:\/\/www.bez.sk\/wp-content\/uploads\/2024\/11\/SCR-20241114-nqby.jpeg","width":1150,"height":1220,"caption":"Screenshot"},{"@type":"BreadcrumbList","@id":"https:\/\/www.bez.sk\/pl\/referencia\/transformator-na-stacji-benzynowej-omv\/#breadcrumb","itemListElement":[{"@type":"ListItem","position":1,"name":"Domovsk\u00e1 str\u00e1nka","item":"https:\/\/www.bez.sk\/pl\/%d0%b3%d0%be%d0%bb%d0%be%d0%b2%d0%bd%d0%b0-%d1%81%d1%82%d0%be%d1%80%d1%96%d0%bd%d0%ba%d0%b0\/"},{"@type":"ListItem","position":2,"name":"Transformator na stacji benzynowej OMV (S\u0142owacja)"}]},{"@type":"WebSite","@id":"https:\/\/www.bez.sk\/pl\/#website","url":"https:\/\/www.bez.sk\/pl\/","name":"BEZ Transform\u00e1tory","description":"","potentialAction":[{"@type":"SearchAction","target":{"@type":"EntryPoint","urlTemplate":"https:\/\/www.bez.sk\/pl\/?s={search_term_string}"},"query-input":{"@type":"PropertyValueSpecification","valueRequired":true,"valueName":"search_term_string"}}],"inLanguage":"pl-PL"}]}},"_links":{"self":[{"href":"https:\/\/www.bez.sk\/pl\/wp-json\/wp\/v2\/referencia\/6076","targetHints":{"allow":["GET"]}}],"collection":[{"href":"https:\/\/www.bez.sk\/pl\/wp-json\/wp\/v2\/referencia"}],"about":[{"href":"https:\/\/www.bez.sk\/pl\/wp-json\/wp\/v2\/types\/referencia"}],"wp:featuredmedia":[{"embeddable":true,"href":"https:\/\/www.bez.sk\/pl\/wp-json\/wp\/v2\/media\/6083"}],"wp:attachment":[{"href":"https:\/\/www.bez.sk\/pl\/wp-json\/wp\/v2\/media?parent=6076"}],"wp:term":[{"taxonomy":"kategoria-referencie","embeddable":true,"href":"https:\/\/www.bez.sk\/pl\/wp-json\/wp\/v2\/kategoria-referencie?post=6076"}],"curies":[{"name":"wp","href":"https:\/\/api.w.org\/{rel}","templated":true}]}}